{"id":14,"date":"2022-03-10T17:18:12","date_gmt":"2022-03-10T16:18:12","guid":{"rendered":"https:\/\/mirjamwalter.com\/de\/?page_id=14"},"modified":"2026-02-09T21:12:22","modified_gmt":"2026-02-09T20:12:22","slug":"cv","status":"publish","type":"page","link":"https:\/\/mirjamwalter.com\/de\/cv\/","title":{"rendered":"CV"},"content":{"rendered":"","protected":false},"excerpt":{"rendered":"","protected":false},"author":1,"featured_media":0,"parent":0,"menu_order":0,"comment_status":"closed","ping_status":"closed","template":"","meta":[],"class_list":["post-14","page","type-page","status-publish","hentry"],"grid":"{\r\n  \"colCount\": 18,\r\n  \"colGutter\": 1,\r\n  \"rowGutters\": [],\r\n  \"frameMargin\": 5,\r\n  \"leftFrameMargin\": 25,\r\n  \"rightFrameMargin\": 25,\r\n  \"topFrameMargin\": 175,\r\n  \"bottomFrameMargin\": 175,\r\n  \"rowAttrs\": [\r\n    {}\r\n  ],\r\n  \"bgColor\": \"#ffffff\",\r\n  \"cont\": [\r\n    {\r\n      \"type\": \"text\",\r\n      \"cont\": \"<p>*1993 in Freiburg im Breisgau, lebt und arbeitet in Freiburg<\/p><p>\u00a0<\/p><p><strong>Studium<\/strong><br \/>2020 - 2023 Masterstudium an der HFBK Hamburg bei Prof. Jutta Koether<\/p><p>2017 - 2018\u00a0 Erasmus Stipendium an der AdbK Wien in der Klasse f\u00fcr<\/p><p>\u00a0\u00a0\u00a0\u00a0\u00a0\u00a0\u00a0\u00a0\u00a0\u00a0\u00a0\u00a0\u00a0\u00a0\u00a0\u00a0\u00a0\u00a0\u00a0 Kontextuelle Malerei bei Ashley Hans Scheirl<\/p><p>2014 - 2020 Studium an der AdbK N\u00fcrnberg bei Prof. Susanne K\u00fchn und Prof. Michael Hakimi<\/p><p>\u00a0<\/p><p><strong>Preise, Auszeichnungen und F\u00f6rderungen<\/strong><\/p><p>2024 Mentoring Programm des Kunstb\u00fcro BW, Mentee von Kalin Lindena<\/p><p>2022 Freundeskreis Projektf\u00f6rderung der HFBK Hamburg<\/p><p>2020 Deb\u00fctant:innenf\u00f6rderung des Bayrischen Ministeriums f\u00fcr Forschung,<\/p><p>\u00a0\u00a0\u00a0\u00a0\u00a0\u00a0\u00a0\u00a0 Wissenschaft und Kunst<\/p><p>2020 Diplom mit Auszeichnung <br \/>2019 Absolvent:innenpreis der AdbK N\u00fcrnberg<\/p><p>2019 Meistersch\u00fclerin bei Prof. Michael Hakimi<\/p><p>\u00a0<\/p><p><strong>Ausstellungen (Solo\/Duo)<br \/><\/strong>2026 <em>jede Hand ihr eigener Tunnel<\/em>, Galerie G, Freiburg<br \/>2025 <em>gestohlen bleiben<\/em>, Kaiserwache Freiburg<br \/>2023 <em>She Reset Herself<\/em>, HFBK Hamburg<br \/>2022 <em>Ungehalten<\/em>, Merdinger Kunstforum<\/p><p>2021 UNHEIM<em>,<\/em> Mirjam Walter und Tomasz Skibicki im Kunstbunker N\u00fcrnberg<\/p><p>2019 <em>Ein Leben bekommen<\/em>, Graduation Show, Pavillon 17, AdbK N\u00fcrnberg<\/p><p>2018 <em>Hallo<\/em>, Kabuff im E-Werk, Freiburg<\/p><p><em>\u00a0\u00a0\u00a0\u00a0\u00a0\u00a0\u00a0 Do I am a body?<\/em>, Edel Extra, N\u00fcrnberg<\/p><p>\u00a0<\/p><p><strong>Gruppenausstellungen (Auswahl)<\/strong><\/p><p>2025 <em>In Between The Gates<\/em>, Pf\u00f6rtnerh\u00e4usschen alter Schlachthof, Karlsruhe<br \/>2025 <em>Dear...<\/em>, Luis Leu, Karlsruhe<\/p><p>2024 <em>Stoffwechsel<\/em>, E-Werk Freiburg<\/p><p>2022 <em>Try to be more stupid<\/em>, Forum Kunst Rottweil<\/p><p>2019 <em>Affektive Allianzen<\/em>, Schloss Callenberg<\/p><p>2018 <em>A Tooth for an Eye<\/em>, Kunsthalle Basel<\/p><p>\u00a0<\/p><p><strong>Publikationen<\/strong><\/p><p>2021<\/p><p>I AM NO BODY LIKE A HOUSE IS NOT A HOME, K\u00fcnstler:innenbuch, Hamman von Mier Verlag, M\u00fcnchen<\/p><p>2017<\/p><p>KRISE ALS FORM - Beitrag zur Publikation zum Seminar mit Kerstin Stakemeier und Helmut Draxler, Angewandte, Wien<\/p><p>\u00a0<\/p><p><strong>Performance \/ Kollaborationen (Auswahl)<\/strong><\/p><p>2024<\/p><p>I, A HYPHEN mit Julia Hainz, Galerie f\u00fcr Gegenwartskunst im E-Werk, Freiburg<\/p><p>2022<\/p><p>- <em>Ungehalten<\/em> Performance mit Julia Hainz, Merdinger Kunstforum<br \/>- <em>Group Crit IV und V, Nay can you hear me? <\/em>Hamburger Kunsthalle<\/p><p>2021<\/p><p><em>- Syndicat des Auteurs <\/em>in Magazine, Kunstverein in Hamburg<br \/>2020<\/p><p><em>- Dynamisch akustische Forschung <\/em>at <em>It isn\u2019t Happening Festival<\/em>, N\u00fcrnberg<br \/>2019<\/p><p>- <em>Rolling Tones<\/em>, Performance mit Raphaela Vogel, Haus der Kunst, M\u00fcnchen<br \/>- <em>Dynamisch akustische Forschung<\/em> at Nextex, St. Gallen<br \/>- <em>Galerie Duglas<\/em> im Kunstverein N\u00fcrnberg Albrecht D\u00fcrer Gesellschaft<br \/>2017<\/p><p>- <em>Creation of God<\/em> mit Julia Liedel und Miruna Gavaz, Akademie Galerie N\u00fcrnberg<\/p><p>\u00a0<\/p><p><strong>Andere T\u00e4tigkeiten<\/strong><\/p><p>Seit 2022 Vorstand der <em>Mundhalle e.G.<\/em>, vorher aktives Mitglied der Genossenschaft <em>Mundhalle<\/em><\/p><p>2020 - 2022 Tutorin bei Prof. Jutta Koether an der HFBK Hamburg <br \/>2017 - 2019 Studierendenvertreterin an der AdbK N\u00fcrnberg<\/p><p><br \/><br \/><\/p>\",\r\n      \"align\": \"middle\",\r\n      \"row\": 0,\r\n      \"col\": 4,\r\n      \"colspan\": 10,\r\n      \"offsetx\": 0,\r\n      \"offsety\": 0,\r\n      \"spaceabove\": 0,\r\n      \"spacebelow\": 60,\r\n      \"yvel\": 1,\r\n      \"push\": 4,\r\n      \"relid\": 4,\r\n      \"absolute_position\": false\r\n    }\r\n  ]\r\n}","phonegrid":"{\r\n  \"colCount\": 1,\r\n  \"colGutter\": 1,\r\n  \"rowGutters\": [\r\n    \"50\"\r\n  ],\r\n  \"frameMargin\": 5,\r\n  \"leftFrameMargin\": 25,\r\n  \"rightFrameMargin\": 25,\r\n  \"topFrameMargin\": \"13\",\r\n  \"bottomFrameMargin\": \"40\",\r\n  \"rowAttrs\": [\r\n    [],\r\n    []\r\n  ],\r\n  \"bgColor\": null,\r\n  \"bgImage\": null,\r\n  \"cont\": [\r\n    {\r\n      \"type\": \"text\",\r\n      \"cont\": \"<p class=\\\"_Default\\\">Curriculum Vitae<\/p>\",\r\n      \"align\": \"onethird\",\r\n      \"row\": 0,\r\n      \"col\": 0,\r\n      \"colspan\": 1,\r\n      \"offsetx\": 0,\r\n      \"offsety\": 0,\r\n      \"spaceabove\": 0,\r\n      \"spacebelow\": 0,\r\n      \"yvel\": 1,\r\n      \"push\": 0,\r\n      \"relid\": 5,\r\n      \"absolute_position\": false\r\n    },\r\n    {\r\n      \"type\": \"text\",\r\n      \"cont\": \"<p>*1993 in Freiburg im Breisgau, lebt und arbeitet in Freiburg<\/p><p>\u00a0<\/p><p><strong>Studium<\/strong><br \/>2020 - 2023 Masterstudium an der HFBK Hamburg bei Prof. Jutta Koether<\/p><p>2017 - 2018\u00a0 Erasmus Stipendium an der AdbK Wien in der Klasse f\u00fcr<\/p><p>\u00a0\u00a0\u00a0\u00a0\u00a0\u00a0\u00a0\u00a0\u00a0\u00a0\u00a0\u00a0\u00a0\u00a0\u00a0\u00a0\u00a0\u00a0\u00a0 Kontextuelle Malerei bei Ashley Hans Scheirl<\/p><p>2014 - 2020 Studium an der AdbK N\u00fcrnberg bei Prof. Susanne K\u00fchn und Prof. Michael Hakimi<\/p><p>\u00a0<\/p><p><strong>Preise, Auszeichnungen und F\u00f6rderungen<\/strong><\/p><p>2024 Mentoring Programm des Kunstb\u00fcro BW, Mentee von Kalin Lindena<\/p><p>2022 Freundeskreis Projektf\u00f6rderung der HFBK Hamburg<\/p><p>2020 Deb\u00fctant:innenf\u00f6rderung des Bayrischen Ministeriums f\u00fcr Forschung,<\/p><p>\u00a0\u00a0\u00a0\u00a0\u00a0\u00a0\u00a0\u00a0 Wissenschaft und Kunst<\/p><p>2020 Diplom mit Auszeichnung <br \/>2019 Absolvent:innenpreis der AdbK N\u00fcrnberg<\/p><p>2019 Meistersch\u00fclerin bei Prof. Michael Hakimi<\/p><p>\u00a0<\/p><p><strong>Ausstellungen (Solo\/Duo)<br \/><\/strong>2026 <em>jede Hand ihr eigener Tunnel<\/em>, Galerie G, Freiburg<br \/>2025 <em>gestohlen bleiben<\/em>, Kaiserwache Freiburg<br \/>2023 <em>She Reset Herself<\/em>, HFBK Hamburg<br \/>2022 <em>Ungehalten<\/em>, Merdinger Kunstforum<\/p><p>2021 UNHEIM<em>,<\/em> Mirjam Walter und Tomasz Skibicki im Kunstbunker N\u00fcrnberg<\/p><p>2019 <em>Ein Leben bekommen<\/em>, Graduation Show, Pavillon 17, AdbK N\u00fcrnberg<\/p><p>2018 <em>Hallo<\/em>, Kabuff im E-Werk, Freiburg<\/p><p><em>\u00a0\u00a0\u00a0\u00a0\u00a0\u00a0\u00a0 Do I am a body?<\/em>, Edel Extra, N\u00fcrnberg<\/p><p>\u00a0<\/p><p><strong>Gruppenausstellungen (Auswahl)<\/strong><\/p><p>2025 <em>In Between The Gates<\/em>, Pf\u00f6rtnerh\u00e4usschen alter Schlachthof, Karlsruhe<br \/>2025 <em>Dear...<\/em>, Luis Leu, Karlsruhe<\/p><p>2024 <em>Stoffwechsel<\/em>, E-Werk Freiburg<\/p><p>2022 <em>Try to be more stupid<\/em>, Forum Kunst Rottweil<\/p><p>2019 <em>Affektive Allianzen<\/em>, Schloss Callenberg<\/p><p>2018 <em>A Tooth for an Eye<\/em>, Kunsthalle Basel<\/p><p>\u00a0<\/p><p><strong>Publikationen<\/strong><\/p><p>2021<\/p><p>I AM NO BODY LIKE A HOUSE IS NOT A HOME, K\u00fcnstler:innenbuch, Hamman von Mier Verlag, M\u00fcnchen<\/p><p>2017<\/p><p>KRISE ALS FORM - Beitrag zur Publikation zum Seminar mit Kerstin Stakemeier und Helmut Draxler, Angewandte, Wien<\/p><p>\u00a0<\/p><p><strong>Performance \/ Kollaborationen (Auswahl)<\/strong><\/p><p>2024<\/p><p>I, A HYPHEN mit Julia Hainz, Galerie f\u00fcr Gegenwartskunst im E-Werk, Freiburg<\/p><p>2022<\/p><p>- <em>Ungehalten<\/em> Performance mit Julia Hainz, Merdinger Kunstforum<br \/>- <em>Group Crit IV und V, Nay can you hear me? <\/em>Hamburger Kunsthalle<\/p><p>2021<\/p><p><em>- Syndicat des Auteurs <\/em>in Magazine, Kunstverein in Hamburg<br \/>2020<\/p><p><em>- Dynamisch akustische Forschung <\/em>at <em>It isn\u2019t Happening Festival<\/em>, N\u00fcrnberg<br \/>2019<\/p><p>- <em>Rolling Tones<\/em>, Performance mit Raphaela Vogel, Haus der Kunst, M\u00fcnchen<br \/>- <em>Dynamisch akustische Forschung<\/em> at Nextex, St. Gallen<br \/>- <em>Galerie Duglas<\/em> im Kunstverein N\u00fcrnberg Albrecht D\u00fcrer Gesellschaft<br \/>2017<\/p><p>- <em>Creation of God<\/em> mit Julia Liedel und Miruna Gavaz, Akademie Galerie N\u00fcrnberg<\/p><p>\u00a0<\/p><p><strong>Andere T\u00e4tigkeiten<\/strong><\/p><p>Seit 2022 Vorstand der <em>Mundhalle e.G.<\/em>, vorher aktives Mitglied der Genossenschaft <em>Mundhalle<\/em><\/p><p>2020 - 2022 Tutorin bei Prof. Jutta Koether an der HFBK Hamburg <br \/>2017 - 2019 Studierendenvertreterin an der AdbK N\u00fcrnberg<\/p><p><br \/><br \/><\/p>\",\r\n      \"align\": \"bottom\",\r\n      \"row\": 1,\r\n      \"col\": 0,\r\n      \"colspan\": 1,\r\n      \"offsetx\": 0,\r\n      \"offsety\": 0,\r\n      \"spaceabove\": 0,\r\n      \"spacebelow\": 0,\r\n      \"yvel\": 1,\r\n      \"push\": 0,\r\n      \"relid\": 4,\r\n      \"classes\": \"target\",\r\n      \"html_id\": \"target\",\r\n      \"absolute_position\": false\r\n    }\r\n  ]\r\n}","_links":{"self":[{"href":"https:\/\/mirjamwalter.com\/de\/wp-json\/wp\/v2\/pages\/14","targetHints":{"allow":["GET"]}}],"collection":[{"href":"https:\/\/mirjamwalter.com\/de\/wp-json\/wp\/v2\/pages"}],"about":[{"href":"https:\/\/mirjamwalter.com\/de\/wp-json\/wp\/v2\/types\/page"}],"author":[{"embeddable":true,"href":"https:\/\/mirjamwalter.com\/de\/wp-json\/wp\/v2\/users\/1"}],"replies":[{"embeddable":true,"href":"https:\/\/mirjamwalter.com\/de\/wp-json\/wp\/v2\/comments?post=14"}],"version-history":[{"count":0,"href":"https:\/\/mirjamwalter.com\/de\/wp-json\/wp\/v2\/pages\/14\/revisions"}],"wp:attachment":[{"href":"https:\/\/mirjamwalter.com\/de\/wp-json\/wp\/v2\/media?parent=14"}],"curies":[{"name":"wp","href":"https:\/\/api.w.org\/{rel}","templated":true}]}}