{"id":13,"date":"2022-03-10T17:18:03","date_gmt":"2022-03-10T16:18:03","guid":{"rendered":"https:\/\/mirjamwalter.com\/de\/?page_id=13"},"modified":"2026-03-05T22:15:31","modified_gmt":"2026-03-05T21:15:31","slug":"news","status":"publish","type":"page","link":"https:\/\/mirjamwalter.com\/de\/news\/","title":{"rendered":"News"},"content":{"rendered":"","protected":false},"excerpt":{"rendered":"","protected":false},"author":1,"featured_media":0,"parent":0,"menu_order":0,"comment_status":"closed","ping_status":"closed","template":"","meta":[],"class_list":["post-13","page","type-page","status-publish","hentry"],"grid":"{\r\n  \"colCount\": 18,\r\n  \"colGutter\": 1,\r\n  \"rowGutters\": [\r\n    100,\r\n    100,\r\n    100,\r\n    100,\r\n    100,\r\n    100,\r\n    100,\r\n    100,\r\n    100,\r\n    100,\r\n    100,\r\n    200,\r\n    100\r\n  ],\r\n  \"frameMargin\": 5,\r\n  \"leftFrameMargin\": 25,\r\n  \"rightFrameMargin\": 25,\r\n  \"topFrameMargin\": 175,\r\n  \"bottomFrameMargin\": 175,\r\n  \"rowAttrs\": [\r\n    {},\r\n    {},\r\n    {},\r\n    {},\r\n    {},\r\n    {},\r\n    {},\r\n    {},\r\n    {\r\n      \"row100vh\": true\r\n    },\r\n    {\r\n      \"row100vh\": true\r\n    },\r\n    {},\r\n    {},\r\n    {},\r\n    {}\r\n  ],\r\n  \"bgColor\": \"#ffffff\",\r\n  \"cont\": [\r\n    {\r\n      \"type\": \"img\",\r\n      \"cont\": \"\/wp-content\/uploads\/2026\/03\/Mirjam_Walter_iede_Hand_ihr_eigener_Tunnel.jpeg\",\r\n      \"align\": \"top\",\r\n      \"row\": 0,\r\n      \"col\": 3,\r\n      \"colspan\": 12,\r\n      \"offsetx\": 0,\r\n      \"offsety\": 0,\r\n      \"spaceabove\": 0,\r\n      \"spacebelow\": 0,\r\n      \"yvel\": 1,\r\n      \"push\": 3,\r\n      \"relid\": 396,\r\n      \"attid\": 785,\r\n      \"sizes\": {\r\n        \"full\": \"\/wp-content\/uploads\/2026\/03\/Mirjam_Walter_iede_Hand_ihr_eigener_Tunnel.jpeg\",\r\n        \"_768\": \"\/wp-content\/uploads\/2026\/03\/Mirjam_Walter_iede_Hand_ihr_eigener_Tunnel-768x757.jpeg\",\r\n        \"_512\": \"\/wp-content\/uploads\/2026\/03\/Mirjam_Walter_iede_Hand_ihr_eigener_Tunnel-512x505.jpeg\",\r\n        \"_265\": \"\/wp-content\/uploads\/2026\/03\/Mirjam_Walter_iede_Hand_ihr_eigener_Tunnel-265x261.jpeg\"\r\n      },\r\n      \"w\": 975,\r\n      \"h\": 961,\r\n      \"ar\": 0.9856410256410256,\r\n      \"alt\": \"\",\r\n      \"absolute_position\": false,\r\n      \"frameOverflow\": \"\"\r\n    },\r\n    {\r\n      \"type\": \"img\",\r\n      \"cont\": \"\/wp-content\/uploads\/2026\/02\/DSC_0484.jpg\",\r\n      \"align\": \"top\",\r\n      \"row\": 1,\r\n      \"col\": 3,\r\n      \"colspan\": 12,\r\n      \"offsetx\": 0,\r\n      \"offsety\": 0,\r\n      \"spaceabove\": 0,\r\n      \"spacebelow\": 0,\r\n      \"yvel\": 1,\r\n      \"push\": 3,\r\n      \"relid\": 395,\r\n      \"attid\": 781,\r\n      \"sizes\": {\r\n        \"full\": \"\/wp-content\/uploads\/2026\/02\/DSC_0484.jpg\",\r\n        \"_3200\": \"\/wp-content\/uploads\/2026\/02\/DSC_0484-3200x4000.jpg\",\r\n        \"_2560\": \"\/wp-content\/uploads\/2026\/02\/DSC_0484-2560x3200.jpg\",\r\n        \"_1920\": \"\/wp-content\/uploads\/2026\/02\/DSC_0484-1920x2400.jpg\",\r\n        \"_1280\": \"\/wp-content\/uploads\/2026\/02\/DSC_0484-1280x1600.jpg\",\r\n        \"_1024\": \"\/wp-content\/uploads\/2026\/02\/DSC_0484-1024x1280.jpg\",\r\n        \"_768\": \"\/wp-content\/uploads\/2026\/02\/DSC_0484-768x960.jpg\",\r\n        \"_512\": \"\/wp-content\/uploads\/2026\/02\/DSC_0484-512x640.jpg\",\r\n        \"_265\": \"\/wp-content\/uploads\/2026\/02\/DSC_0484-265x331.jpg\"\r\n      },\r\n      \"w\": 3271,\r\n      \"h\": 4089,\r\n      \"ar\": 1.2500764292265363,\r\n      \"alt\": \"\",\r\n      \"absolute_position\": false,\r\n      \"frameOverflow\": \"\"\r\n    },\r\n    {\r\n      \"type\": \"text\",\r\n      \"cont\": \"<p><em>gestohlen bleiben<\/em><br \/><br \/><\/p><p>Ausstellung in der Kaiserwache<br \/>Vernissage 12.12.2025, 19:00 Uhr<\/p><p><a tabindex=\\\"0\\\" href=\\\"https:\/\/www.google.com\/maps\/place\/\/data=!4m2!3m1!1s0x47911d2b3f39641d:0x340ec3b8e69adc?sa=X&amp;ved=1t:8290&amp;ictx=111\\\" data-url=\\\"\/maps\/place\/\/data=!4m2!3m1!1s0x47911d2b3f39641d:0x340ec3b8e69adc?sa=X&amp;ved=2ahUKEwjzuKWE5JmRAxUAh_0HHd2IHhUQ4kB6BAgNEAA\\\" data-sb=\\\"\/url?sa=t&amp;source=web&amp;rct=j&amp;opi=89978449&amp;url=\/maps\/place\/\/data%3D!4m2!3m1!1s0x47911d2b3f39641d:0x340ec3b8e69adc%3Fsa%3DX%26ved%3D1t:8290%26ictx%3D111&amp;ved=2ahUKEwjzuKWE5JmRAxUAh_0HHd2IHhUQ4kB6BAgtEAM&amp;usg=AOvVaw1s6GXuVAVU9-Kv9PyrpIKZ\\\"><span>Kaiser-Joseph-Stra\u00dfe 286, 79098 Freiburg im Breisgau<\/span><\/a><\/p><p><a tabindex=\\\"0\\\" href=\\\"https:\/\/www.google.com\/maps\/place\/\/data=!4m2!3m1!1s0x47911d2b3f39641d:0x340ec3b8e69adc?sa=X&amp;ved=1t:8290&amp;ictx=111\\\" data-url=\\\"\/maps\/place\/\/data=!4m2!3m1!1s0x47911d2b3f39641d:0x340ec3b8e69adc?sa=X&amp;ved=2ahUKEwjzuKWE5JmRAxUAh_0HHd2IHhUQ4kB6BAgNEAA\\\" data-sb=\\\"\/url?sa=t&amp;source=web&amp;rct=j&amp;opi=89978449&amp;url=\/maps\/place\/\/data%3D!4m2!3m1!1s0x47911d2b3f39641d:0x340ec3b8e69adc%3Fsa%3DX%26ved%3D1t:8290%26ictx%3D111&amp;ved=2ahUKEwjzuKWE5JmRAxUAh_0HHd2IHhUQ4kB6BAgtEAM&amp;usg=AOvVaw1s6GXuVAVU9-Kv9PyrpIKZ\\\"><\/a><a rel=\\\"noopener\\\" href=\\\"https:\/\/kaiserwache.com\/\\\" target=\\\"_blank\\\">https:\/\/kaiserwache.com\/<\/a><\/p>\",\r\n      \"align\": \"top\",\r\n      \"row\": 2,\r\n      \"col\": 5,\r\n      \"colspan\": 8,\r\n      \"offsetx\": 0,\r\n      \"offsety\": 0,\r\n      \"spaceabove\": 0,\r\n      \"spacebelow\": 0,\r\n      \"yvel\": 1,\r\n      \"push\": 5,\r\n      \"relid\": 8,\r\n      \"absolute_position\": false\r\n    },\r\n    {\r\n      \"type\": \"img\",\r\n      \"cont\": \"\/wp-content\/uploads\/2025\/09\/Mirjam-Walter-Repro-Juli-2025-05.jpg\",\r\n      \"align\": \"onethird\",\r\n      \"row\": 3,\r\n      \"col\": 2,\r\n      \"colspan\": 14,\r\n      \"offsetx\": 0,\r\n      \"offsety\": 0,\r\n      \"spaceabove\": 0,\r\n      \"spacebelow\": 0,\r\n      \"yvel\": 1,\r\n      \"push\": 2,\r\n      \"relid\": 394,\r\n      \"attid\": 762,\r\n      \"sizes\": {\r\n        \"full\": \"\/wp-content\/uploads\/2025\/09\/Mirjam-Walter-Repro-Juli-2025-05.jpg\",\r\n        \"_2560\": \"\/wp-content\/uploads\/2025\/09\/Mirjam-Walter-Repro-Juli-2025-05-2560x1969.jpg\",\r\n        \"_1920\": \"\/wp-content\/uploads\/2025\/09\/Mirjam-Walter-Repro-Juli-2025-05-1920x1477.jpg\",\r\n        \"_1280\": \"\/wp-content\/uploads\/2025\/09\/Mirjam-Walter-Repro-Juli-2025-05-1280x984.jpg\",\r\n        \"_1024\": \"\/wp-content\/uploads\/2025\/09\/Mirjam-Walter-Repro-Juli-2025-05-1024x787.jpg\",\r\n        \"_768\": \"\/wp-content\/uploads\/2025\/09\/Mirjam-Walter-Repro-Juli-2025-05-768x591.jpg\",\r\n        \"_512\": \"\/wp-content\/uploads\/2025\/09\/Mirjam-Walter-Repro-Juli-2025-05-512x394.jpg\",\r\n        \"_265\": \"\/wp-content\/uploads\/2025\/09\/Mirjam-Walter-Repro-Juli-2025-05-265x204.jpg\"\r\n      },\r\n      \"w\": 2996,\r\n      \"h\": 2304,\r\n      \"ar\": 0.7690253671562083,\r\n      \"alt\": \"\",\r\n      \"absolute_position\": false,\r\n      \"frameOverflow\": \"\"\r\n    },\r\n    {\r\n      \"type\": \"text\",\r\n      \"cont\": \"<h2 class=\\\"wp-block-heading\\\">Till Ten<br \/>Mirjam Walter<br \/><em>Farbe widersteht der Stabilit\u00e4t<\/em><br \/>Do, 25.09.2025, 19 Uhr<\/h2><p>\u00a0<\/p><h2 class=\\\"wp-block-heading\\\">Mirjam Walter ist K\u00fcnstler*in und arbeitet ausgehend von Malerei mit Sprache und verschiedenen Medien, die durch den K\u00f6rper beziehungsweise die Hand Gestalt annehmen. Der eigene K\u00f6rper, durch den Wahrnehmung entsteht, ist Schnittstelle und Oberfl\u00e4che f\u00fcr die Frage nach Identit\u00e4t, Referenzen und Zug\u00e4ngen. Im letzten Jahr erforschte Walter eine ungegenst\u00e4ndlich-abstrakte Malerei, vergleichbar mit einem vorsprachlichen, vokalen Ausdruck.<br \/>Im Rahmen der Till Ten Bar wird die K\u00fcnstler*in eine Serie von Malereien auf Papier zeigen, die in den letzten zwei Jahren entstanden sind. Malerei tritt hier als Form des Nicht-Denkens und Nicht-Wissens beziehungsweise des Denkens abseits von Sprache auf. In diesem malerischen Modus tr\u00e4gt der K\u00f6rper Verantwortung. Dazwischen entstehen viele Fragen. Einige davon werden im Gespr\u00e4ch geteilt, an das Publikum weitergegeben und verkn\u00fcpft mit Erfahrungen und Positionen, die Walters Arbeit beeinflusst, inspiriert und ermutigt haben.<\/h2><p>\u00a0<\/p><p><a rel=\\\"noopener\\\" href=\\\"https:\/\/www.kunstvereinfreiburg.de\/till-ten-mirjam-walter\/\\\" target=\\\"_blank\\\">https:\/\/www.kunstvereinfreiburg.de\/till-ten-mirjam-walter\/<\/a><\/p><p>\u00a0<\/p><p>Abb.: Mirjam Walter, aus der Serie <em>sprechen (arbeiten)<\/em>, 2024-2025, Mischtechnik auf Papier, 42 x 29,7 cm.<\/p><p>Foto: Bernhard Strauss<\/p>\",\r\n      \"align\": \"bottom\",\r\n      \"row\": 4,\r\n      \"col\": 2,\r\n      \"colspan\": 14,\r\n      \"offsetx\": 0,\r\n      \"offsety\": 0,\r\n      \"spaceabove\": 0,\r\n      \"spacebelow\": 0,\r\n      \"yvel\": 1,\r\n      \"push\": 2,\r\n      \"relid\": 4,\r\n      \"absolute_position\": false,\r\n      \"frameOverflow\": \"\"\r\n    },\r\n    {\r\n      \"type\": \"img\",\r\n      \"cont\": \"\/wp-content\/uploads\/2025\/05\/Flyer-Dear-25.jpg\",\r\n      \"align\": \"top\",\r\n      \"row\": 6,\r\n      \"col\": 6,\r\n      \"colspan\": 6,\r\n      \"offsetx\": 0,\r\n      \"offsety\": 0,\r\n      \"spaceabove\": 0,\r\n      \"spacebelow\": 0,\r\n      \"yvel\": 1,\r\n      \"push\": 6,\r\n      \"relid\": 751,\r\n      \"attid\": 757,\r\n      \"sizes\": {\r\n        \"full\": \"\/wp-content\/uploads\/2025\/05\/Flyer-Dear-25.jpg\",\r\n        \"_768\": \"\/wp-content\/uploads\/2025\/05\/Flyer-Dear-25-768x1090.jpg\",\r\n        \"_512\": \"\/wp-content\/uploads\/2025\/05\/Flyer-Dear-25-512x726.jpg\",\r\n        \"_265\": \"\/wp-content\/uploads\/2025\/05\/Flyer-Dear-25-265x376.jpg\"\r\n      },\r\n      \"w\": 874,\r\n      \"h\": 1240,\r\n      \"ar\": 1.4187643020594967,\r\n      \"alt\": \"Dear...\",\r\n      \"absolute_position\": false\r\n    },\r\n    {\r\n      \"type\": \"text\",\r\n      \"cont\": \"<p>\u201eDear\u2026\u201c nimmt den 14. Februar zum Anlass, um Beziehungsweisen au\u00dferhalb von systemisch-normativen romantischen Beziehungen zu reflektieren.<br \/>Der k\u00fcnstlerische Prozess ist Ausgangspunkt, sich zu verbinden. Dabei meint Verbundensein sowohl das Wahrnehmen der unmittelbaren Gegenwart und Umwelt im k\u00fcnstlerischen Prozess als auch die Frage, wie wir uns aufeinander beziehen. Die beteiligten K\u00fcnstler:innen sind unter anderem \u00fcber ihre Mitwirkung am Kunstb\u00fcro Mentoring verbunden. In diesem Kontext wie auch in der Ausstellung treten sie in Dialog, verhandeln aktuelle Themen und befragen sich gegenseitig dazu, was es bedeutet, heute k\u00fcnstlerisch zu arbeiten.<br \/><br \/><\/p><div id=\\\"right-col\\\" class=\\\"wp-block-column is-layout-flow wp-block-column-is-layout-flow\\\"><p>Ausstellung mit <strong>Alex Besta, Lizzy Ellbr\u00fcck, Grischa Kaczmarek, Iden Sungyoung Kim, K\u00fckelhahn <\/strong>und <strong>Solveig Schaper, Anna Lehrer, Mirjam Walter, Carmen Westermeier <\/strong>und <strong>Julia Hainz<\/strong><br \/><br \/><\/p><p><strong>15.02.\u201316.02.2025 <\/strong>(\u00d6ffnungszeiten: jeweils 16.00\u201319.00 Uhr)<\/p><p><strong>Er\u00f6ffnung: <\/strong><br \/><strong>Freitag, 14.02.2025, 17.00 Uhr<\/strong><\/p><p><strong>Luis Leu, Luisenstra\u00dfe 32, 76137 Karlsruhe<\/strong><\/p><\/div>\",\r\n      \"align\": \"top\",\r\n      \"row\": 7,\r\n      \"col\": 4,\r\n      \"colspan\": 10,\r\n      \"offsetx\": 0,\r\n      \"offsety\": 0,\r\n      \"spaceabove\": 0,\r\n      \"spacebelow\": 0,\r\n      \"yvel\": 1,\r\n      \"push\": 4,\r\n      \"relid\": 7,\r\n      \"absolute_position\": false,\r\n      \"frameOverflow\": \"\"\r\n    },\r\n    {\r\n      \"type\": \"img\",\r\n      \"cont\": \"\/wp-content\/uploads\/2024\/10\/Meteor_final_back.jpg\",\r\n      \"align\": \"bottom\",\r\n      \"row\": 8,\r\n      \"col\": 3,\r\n      \"colspan\": 12,\r\n      \"offsetx\": 0,\r\n      \"offsety\": 0,\r\n      \"spaceabove\": 0,\r\n      \"spacebelow\": 0,\r\n      \"yvel\": 1,\r\n      \"push\": 3,\r\n      \"relid\": 393,\r\n      \"attid\": 742,\r\n      \"sizes\": {\r\n        \"full\": \"\/wp-content\/uploads\/2024\/10\/Meteor_final_back.jpg\",\r\n        \"_1024\": \"\/wp-content\/uploads\/2024\/10\/Meteor_final_back-1024x1280.jpg\",\r\n        \"_768\": \"\/wp-content\/uploads\/2024\/10\/Meteor_final_back-768x960.jpg\",\r\n        \"_512\": \"\/wp-content\/uploads\/2024\/10\/Meteor_final_back-512x640.jpg\",\r\n        \"_265\": \"\/wp-content\/uploads\/2024\/10\/Meteor_final_back-265x331.jpg\"\r\n      },\r\n      \"w\": 1080,\r\n      \"h\": 1350,\r\n      \"ar\": 1.25,\r\n      \"alt\": \"\",\r\n      \"absolute_position\": true,\r\n      \"frameOverflow\": \"\"\r\n    },\r\n    {\r\n      \"type\": \"img\",\r\n      \"cont\": \"\/wp-content\/uploads\/2024\/03\/photo_2024-03-19-15.06.11.jpeg\",\r\n      \"align\": \"top\",\r\n      \"row\": 9,\r\n      \"col\": 4,\r\n      \"colspan\": 10,\r\n      \"offsetx\": 0,\r\n      \"offsety\": 0,\r\n      \"spaceabove\": 0,\r\n      \"spacebelow\": 0,\r\n      \"yvel\": 1,\r\n      \"push\": 4,\r\n      \"relid\": 615,\r\n      \"attid\": 696,\r\n      \"sizes\": {\r\n        \"full\": \"\/wp-content\/uploads\/2024\/03\/photo_2024-03-19-15.06.11.jpeg\",\r\n        \"_768\": \"\/wp-content\/uploads\/2024\/03\/photo_2024-03-19-15.06.11-768x1086.jpeg\",\r\n        \"_512\": \"\/wp-content\/uploads\/2024\/03\/photo_2024-03-19-15.06.11-512x724.jpeg\",\r\n        \"_265\": \"\/wp-content\/uploads\/2024\/03\/photo_2024-03-19-15.06.11-265x375.jpeg\"\r\n      },\r\n      \"w\": 905,\r\n      \"h\": 1280,\r\n      \"ar\": 1.4143646408839778,\r\n      \"alt\": \"\",\r\n      \"absolute_position\": true\r\n    },\r\n    {\r\n      \"type\": \"img\",\r\n      \"cont\": \"\/wp-content\/uploads\/2024\/03\/Kopie-von-I-A-HYPHEN.-Flyer.jpg\",\r\n      \"align\": \"top\",\r\n      \"row\": 10,\r\n      \"col\": 4,\r\n      \"colspan\": 10,\r\n      \"offsetx\": 0,\r\n      \"offsety\": 0,\r\n      \"spaceabove\": 0,\r\n      \"spacebelow\": 0,\r\n      \"yvel\": 1,\r\n      \"push\": 4,\r\n      \"relid\": 391,\r\n      \"attid\": 658,\r\n      \"sizes\": {\r\n        \"full\": \"\/wp-content\/uploads\/2024\/03\/Kopie-von-I-A-HYPHEN.-Flyer.jpg\",\r\n        \"_768\": \"\/wp-content\/uploads\/2024\/03\/Kopie-von-I-A-HYPHEN.-Flyer-768x1083.jpg\",\r\n        \"_512\": \"\/wp-content\/uploads\/2024\/03\/Kopie-von-I-A-HYPHEN.-Flyer-512x722.jpg\",\r\n        \"_265\": \"\/wp-content\/uploads\/2024\/03\/Kopie-von-I-A-HYPHEN.-Flyer-265x374.jpg\"\r\n      },\r\n      \"w\": 908,\r\n      \"h\": 1280,\r\n      \"ar\": 1.4096916299559472,\r\n      \"alt\": \"\",\r\n      \"absolute_position\": false,\r\n      \"frameOverflow\": \"\"\r\n    },\r\n    {\r\n      \"type\": \"text\",\r\n      \"cont\": \"<h1 class=\\\"_Ueberschrift\\\">I, A HYPHEN<\/h1><p>\u00a0<\/p><p>Performance von Mirjam Walter und Julia Hainz<\/p><p>Samstag, 20.04.24, 16:00 Uhr<\/p><p>\u00a0<\/p><p>Der Text der Performance I, A HYPHEN ist ein Auszug aus dem Drama <span class=\\\"_Standard_Kursiv\\\">Irritationen im Leben im Menschenleib.<\/span> In diesem St\u00fcck von Mirjam Walter kommen verschiedene Figuren zu Wort. Eine dieser Figuren ist die Malerei. Das St\u00fcck behandelt die (Re-)Produktion von Gewalt durch die hegemoniale Sprache und stellt die Frage, ob ein poetischer \/ malerischer oder k\u00f6rperlicher Ausdruck den durch Sprache erfolgten Verletzungen etwas entgegensetzen kann. Dabei nehmen die Performerinnen das Selbst, beziehungsweise sich selbst nicht zu ernst.<\/p><p class=\\\"_Einzug\\\">Julia Hainz ist K\u00fcnstlerin, Performerin und Dozentin. Sie lebt in Frankfurt, promoviert an der HfG in Offenbach bei Juliane Rebentisch und lehrt an der Kunsthochschule Kassel. Mirjam Walter hat 2023 ihr Masterstudium der Malerei bei Jutta Koether an der HFBK Hamburg abgeschlossen. Hainz und Walter kennen sich durch ihr erstes Studium an der Akademie der Bildenden K\u00fcnste N\u00fcrnberg. Seitdem stehen sie in k\u00fcnstlerischem und freundschaftlichem Austausch mit gemeinsamen Projekten.<\/p>\",\r\n      \"align\": \"onethird\",\r\n      \"row\": 11,\r\n      \"col\": 4,\r\n      \"colspan\": 10,\r\n      \"offsetx\": 0,\r\n      \"offsety\": 0,\r\n      \"spaceabove\": 0,\r\n      \"spacebelow\": 0,\r\n      \"yvel\": 1,\r\n      \"push\": 4,\r\n      \"relid\": 5,\r\n      \"absolute_position\": false,\r\n      \"frameOverflow\": \"\"\r\n    },\r\n    {\r\n      \"type\": \"img\",\r\n      \"cont\": \"\/wp-content\/uploads\/2024\/03\/EWERK_stoffwechsel_Flyer-DIN-Lang-plus_fin-grau.jpg\",\r\n      \"align\": \"top\",\r\n      \"row\": 12,\r\n      \"col\": 4,\r\n      \"colspan\": 10,\r\n      \"offsetx\": 0,\r\n      \"offsety\": 0,\r\n      \"spaceabove\": 0,\r\n      \"spacebelow\": 0,\r\n      \"yvel\": 1,\r\n      \"push\": 4,\r\n      \"relid\": 392,\r\n      \"attid\": 660,\r\n      \"sizes\": {\r\n        \"full\": \"\/wp-content\/uploads\/2024\/03\/EWERK_stoffwechsel_Flyer-DIN-Lang-plus_fin-grau.jpg\",\r\n        \"_768\": \"\/wp-content\/uploads\/2024\/03\/EWERK_stoffwechsel_Flyer-DIN-Lang-plus_fin-grau-768x768.jpg\",\r\n        \"_512\": \"\/wp-content\/uploads\/2024\/03\/EWERK_stoffwechsel_Flyer-DIN-Lang-plus_fin-grau-512x512.jpg\",\r\n        \"_265\": \"\/wp-content\/uploads\/2024\/03\/EWERK_stoffwechsel_Flyer-DIN-Lang-plus_fin-grau-265x265.jpg\"\r\n      },\r\n      \"w\": 1000,\r\n      \"h\": 1000,\r\n      \"ar\": 1,\r\n      \"alt\": \"\",\r\n      \"absolute_position\": false,\r\n      \"frameOverflow\": \"\"\r\n    },\r\n    {\r\n      \"type\": \"text\",\r\n      \"cont\": \"<h1 class=\\\"_Ueberschrift\\\">stoffwechsel. Eva Rosenstiel, Mirjam Walter, Miriam Wieser<\/h1><p>\u00a0<\/p><p>In der Ausstellung \u00bbstoffwechsel\u00ab begegnen sich vier Menschen, deren Lebenswege sich im Kunstraum einer Freiburger Schule zu verschiedenen Zeiten \u00fcberschnitten. Die K\u00fcnstlerinnen Mirjam Walter (Hamburg) und Miriam Wieser (Freiburg), sowie die Kuratorin Andrea Karle (Weimar) wurden von ihrer ehemaligen Kunstlehrerin Eva Rosenstiel in die Galerie f\u00fcr Gegenwartskunst im E-Werk Freiburg zur Zusammenarbeit eingeladen.<\/p><p class=\\\"_Einzug\\\">Die drei K\u00fcnstlerinnen geben darin einen Einblick in ihr Schaffen, das von Malerei \u00fcber Fotografie, Installation und Performance reicht. Schon mit dem Titel \u00bbstoffwechsel\u00ab klingen die verschiedenen Facetten ihrer Arbeiten an: Neben Textil als Sujet ist ein Aspekt auch die Transformation und Wandelbarkeit von Bildtr\u00e4gern. Dar\u00fcber hinaus wird die Verarbeitung von allt\u00e4glich Wahrgenommenem durch Malerei erfahrbar.<\/p><p>\u00a0<\/p><p>Galerie I. Galerie f\u00fcr Gegenwartskunst. E-Werk Freiburg<br \/>24. M\u00e4rz bis 28. April 2024<br \/>Er\u00f6ffnung: 23. M\u00e4rz 2024, 18 Uhr<\/p><p>\u00a0<\/p><p>Eine Ausstellung im Rahmen der Reihe \u00bbK\u00fcnstler:innen laden K\u00fcnstler:innen ein\u00ab. Kuratiert von Andrea Karle (Weimar).<\/p>\",\r\n      \"align\": \"top\",\r\n      \"row\": 13,\r\n      \"col\": 4,\r\n      \"colspan\": 10,\r\n      \"offsetx\": 0,\r\n      \"offsety\": 0,\r\n      \"spaceabove\": 0,\r\n      \"spacebelow\": 0,\r\n      \"yvel\": 1,\r\n      \"push\": 4,\r\n      \"relid\": 6,\r\n      \"absolute_position\": false,\r\n      \"frameOverflow\": \"\"\r\n    }\r\n  ]\r\n}","phonegrid":"","_links":{"self":[{"href":"https:\/\/mirjamwalter.com\/de\/wp-json\/wp\/v2\/pages\/13","targetHints":{"allow":["GET"]}}],"collection":[{"href":"https:\/\/mirjamwalter.com\/de\/wp-json\/wp\/v2\/pages"}],"about":[{"href":"https:\/\/mirjamwalter.com\/de\/wp-json\/wp\/v2\/types\/page"}],"author":[{"embeddable":true,"href":"https:\/\/mirjamwalter.com\/de\/wp-json\/wp\/v2\/users\/1"}],"replies":[{"embeddable":true,"href":"https:\/\/mirjamwalter.com\/de\/wp-json\/wp\/v2\/comments?post=13"}],"version-history":[{"count":0,"href":"https:\/\/mirjamwalter.com\/de\/wp-json\/wp\/v2\/pages\/13\/revisions"}],"wp:attachment":[{"href":"https:\/\/mirjamwalter.com\/de\/wp-json\/wp\/v2\/media?parent=13"}],"curies":[{"name":"wp","href":"https:\/\/api.w.org\/{rel}","templated":true}]}}